{"id":905,"date":"2025-05-07T15:47:56","date_gmt":"2025-05-07T15:47:56","guid":{"rendered":"https:\/\/estoesunaeuropamassaludable.eu\/presse\/"},"modified":"2026-02-26T18:00:35","modified_gmt":"2026-02-26T18:00:35","slug":"presse","status":"publish","type":"page","link":"https:\/\/estoesunaeuropamassaludable.eu\/de\/presse\/","title":{"rendered":"Presse"},"content":{"rendered":"<p>[et_pb_section fb_built=&#8220;1&#8243; admin_label=&#8220;About&#8220; _builder_version=&#8220;4.27.4&#8243; _module_preset=&#8220;default&#8220; background_color=&#8220;#f1f1f1&#8243; custom_margin=&#8220;-5px||||false|false&#8220; custom_padding=&#8220;||1px|||&#8220; collapsed=&#8220;on&#8220; global_colors_info=&#8220;{}&#8220;][et_pb_row column_structure=&#8220;1_2,1_2&#8243; _builder_version=&#8220;4.17.4&#8243; _module_preset=&#8220;default&#8220; global_colors_info=&#8220;{}&#8220;][et_pb_column type=&#8220;1_2&#8243; _builder_version=&#8220;4.17.4&#8243; _module_preset=&#8220;default&#8220; global_colors_info=&#8220;{}&#8220;][et_pb_image src=&#8220;https:\/\/estoesunaeuropamassaludable.eu\/wp-content\/uploads\/2025\/05\/prensa.jpg&#8220; title_text=&#8220;prensa&#8220; align=&#8220;right&#8220; _builder_version=&#8220;4.27.4&#8243; _module_preset=&#8220;default&#8220; width=&#8220;80%&#8220; global_colors_info=&#8220;{}&#8220;][\/et_pb_image][et_pb_image src=&#8220;https:\/\/estoesunaeuropamassaludable.eu\/wp-content\/uploads\/2025\/05\/prensa_02.jpg&#8220; title_text=&#8220;prensa_02&#8243; _builder_version=&#8220;4.27.4&#8243; _module_preset=&#8220;default&#8220; width=&#8220;40%&#8220; custom_margin=&#8220;-30%||||false|false&#8220; box_shadow_style=&#8220;preset3&#8243; box_shadow_vertical=&#8220;56px&#8220; box_shadow_blur=&#8220;60px&#8220; box_shadow_spread=&#8220;-20px&#8220; global_colors_info=&#8220;{}&#8220;][\/et_pb_image][\/et_pb_column][et_pb_column type=&#8220;1_2&#8243; _builder_version=&#8220;4.17.4&#8243; _module_preset=&#8220;default&#8220; custom_padding=&#8220;5%||||false|false&#8220; global_colors_info=&#8220;{}&#8220;][et_pb_text _builder_version=&#8220;4.27.4&#8243; _module_preset=&#8220;default&#8220; header_2_font=&#8220;Gotham Black|900|||||||&#8220; header_2_text_color=&#8220;#38732f&#8220; header_2_font_size=&#8220;70px&#8220; header_4_font=&#8220;Gotham Black|900|||||||&#8220; header_4_text_color=&#8220;#38732f&#8220; header_4_font_size=&#8220;45px&#8220; header_4_line_height=&#8220;0.3em&#8220; header_5_font=&#8220;Gotham Black|700|||||||&#8220; header_5_font_size=&#8220;20px&#8220; header_5_line_height=&#8220;1.6em&#8220; background_enable_color=&#8220;off&#8220; header_2_font_size_tablet=&#8220;55px&#8220; header_2_font_size_phone=&#8220;45px&#8220; header_2_font_size_last_edited=&#8220;on|tablet&#8220; header_4_font_size_tablet=&#8220;25px&#8220; header_4_font_size_phone=&#8220;18px&#8220; header_4_font_size_last_edited=&#8220;on|phone&#8220; locked=&#8220;off&#8220; global_colors_info=&#8220;{}&#8220;]<\/p>\n<h2>Ein ges\u00fcnderes Europa f\u00fcr alle<\/h2>\n<h5><\/h5>\n<h5>Dies ist eine Herausforderung auf europ\u00e4ischem Niveau.<\/h5>\n<p>[\/et_pb_text][\/et_pb_column][\/et_pb_row][\/et_pb_section][et_pb_section fb_built=&#8220;1&#8243; admin_label=&#8220;About&#8220; _builder_version=&#8220;4.27.4&#8243; _module_preset=&#8220;default&#8220; background_color=&#8220;#f1f1f1&#8243; custom_padding=&#8220;3px|||||&#8220; collapsed=&#8220;on&#8220; global_colors_info=&#8220;{}&#8220;][et_pb_row column_structure=&#8220;1_2,1_2&#8243; _builder_version=&#8220;4.27.4&#8243; _module_preset=&#8220;default&#8220; global_colors_info=&#8220;{}&#8220;][et_pb_column type=&#8220;1_2&#8243; _builder_version=&#8220;4.27.4&#8243; _module_preset=&#8220;default&#8220; global_colors_info=&#8220;{}&#8220;][et_pb_image src=&#8220;https:\/\/estoesunaeuropamassaludable.eu\/wp-content\/uploads\/2025\/06\/button_dossier_ge.png&#8220; title_text=&#8220;button_dossier_ge&#8220; url=&#8220;https:\/\/estoesunaeuropamassaludable.eu\/wp-content\/uploads\/2025\/07\/dossier-prensa-DE.pdf&#8220; _builder_version=&#8220;4.27.4&#8243; _module_preset=&#8220;default&#8220; width=&#8220;80%&#8220; module_alignment=&#8220;center&#8220; global_colors_info=&#8220;{}&#8220;][\/et_pb_image][\/et_pb_column][et_pb_column type=&#8220;1_2&#8243; _builder_version=&#8220;4.27.4&#8243; _module_preset=&#8220;default&#8220; global_colors_info=&#8220;{}&#8220;][et_pb_text _builder_version=&#8220;4.27.4&#8243; _module_preset=&#8220;default&#8220; header_2_font=&#8220;Gotham Black||||||||&#8220; header_2_text_color=&#8220;#38732f&#8220; custom_margin=&#8220;28px||0px||false|false&#8220; custom_margin_tablet=&#8220;28px||0px||false|false&#8220; custom_margin_phone=&#8220;-2px||0px||false|false&#8220; custom_margin_last_edited=&#8220;on|phone&#8220; global_colors_info=&#8220;{}&#8220;]<\/p>\n<h2><strong>Pressedossier<\/strong><\/h2>\n<p>[\/et_pb_text][et_pb_text _builder_version=&#8220;4.27.4&#8243; _module_preset=&#8220;default&#8220; text_font=&#8220;&#8211;et_global_body_font||||||||&#8220; text_font_size=&#8220;16px&#8220; global_colors_info=&#8220;{}&#8220;]<\/p>\n<p>Das Pressedossier zur Kampagne steht jetzt zum Download bereit.<\/p>\n<p>[\/et_pb_text][et_pb_button button_url=&#8220;https:\/\/estoesunaeuropamassaludable.eu\/wp-content\/uploads\/2025\/07\/dossier-prensa-DE.pdf&#8220; button_text=&#8220;Herunterladen&#8220; button_alignment=&#8220;left&#8220; _builder_version=&#8220;4.27.4&#8243; _module_preset=&#8220;default&#8220; custom_button=&#8220;on&#8220; button_text_color=&#8220;#FFFFFF&#8220; button_bg_color=&#8220;#38732f&#8220; button_border_color=&#8220;RGBA(255,255,255,0)&#8220; button_border_radius=&#8220;8px&#8220; button_font=&#8220;Gotham Gold||||||||&#8220; button_icon=&#8220;&#x45;||divi||400&#8243; button_icon_color=&#8220;#FFFFFF&#8220; custom_margin=&#8220;25px||||false|false&#8220; global_colors_info=&#8220;{}&#8220;][\/et_pb_button][\/et_pb_column][\/et_pb_row][et_pb_row _builder_version=&#8220;4.27.4&#8243; _module_preset=&#8220;default&#8220; custom_padding=&#8220;||2px|||&#8220; global_colors_info=&#8220;{}&#8220;][et_pb_column type=&#8220;4_4&#8243; _builder_version=&#8220;4.27.4&#8243; _module_preset=&#8220;default&#8220; global_colors_info=&#8220;{}&#8220;][et_pb_text _builder_version=&#8220;4.27.4&#8243; _module_preset=&#8220;default&#8220; header_2_font=&#8220;Gotham Black||||||||&#8220; header_2_text_color=&#8220;#38732f&#8220; width=&#8220;75%&#8220; width_tablet=&#8220;75%&#8220; width_phone=&#8220;100%&#8220; width_last_edited=&#8220;on|phone&#8220; module_alignment=&#8220;center&#8220; global_colors_info=&#8220;{}&#8220;]<\/p>\n<h2>Pressemitteilungen<\/h2>\n<p>[\/et_pb_text][\/et_pb_column][\/et_pb_row][et_pb_row _builder_version=&#8220;4.27.4&#8243; _module_preset=&#8220;default&#8220; global_colors_info=&#8220;{}&#8220;][et_pb_column type=&#8220;4_4&#8243; _builder_version=&#8220;4.27.4&#8243; _module_preset=&#8220;default&#8220; global_colors_info=&#8220;{}&#8220;][et_pb_text _builder_version=&#8220;4.27.5&#8243; _module_preset=&#8220;default&#8220; text_font_size=&#8220;16px&#8220; width=&#8220;75%&#8220; module_alignment=&#8220;center&#8220; link_option_url=&#8220;https:\/\/estoesunaeuropamassaludable.eu\/wp-content\/uploads\/2026\/02\/08_Communique-de-Presse-Une-Europe-en-Meilleure-Sante-2-FR.pdf&#8220; hover_enabled=&#8220;0&#8243; global_colors_info=&#8220;{}&#8220; sticky_enabled=&#8220;0&#8243;]<\/p>\n<p>NdP &#8211; 19-02-26 &#8211; C\u2019est bient\u00f4t la saison de la fraise en Europe : six conseils de producteurs pour profiter pleinement de ce fruit de saison si bon pour la sant\u00e9<\/p>\n<p>[\/et_pb_text][et_pb_text _builder_version=&#8220;4.27.4&#8243; _module_preset=&#8220;default&#8220; text_font_size=&#8220;16px&#8220; width=&#8220;75%&#8220; module_alignment=&#8220;center&#8220; link_option_url=&#8220;https:\/\/estoesunaeuropamassaludable.eu\/wp-content\/uploads\/2026\/01\/04_NdP-Alcachofa-europea-arma-secreta-para-un-invierno-healthy-Una-Europa-mas-Saludable.pdf&#8220; global_colors_info=&#8220;{}&#8220;]<\/p>\n<p>NdP &#8211; 25-11-25 &#8211; \u00bfSabes lo que es la cinarina? El arma secreta de la alcachofa europea para un invierno \u2018healthy\u2019<\/p>\n<p>[\/et_pb_text][et_pb_text _builder_version=&#8220;4.27.4&#8243; _module_preset=&#8220;default&#8220; text_font_size=&#8220;16px&#8220; width=&#8220;75%&#8220; module_alignment=&#8220;center&#8220; link_option_url=&#8220;https:\/\/estoesunaeuropamassaludable.eu\/wp-content\/uploads\/2026\/01\/06_Nota-de-Prensa-Brocoli-y-alcachofa-europeos-estrellas-de-cine.pdf&#8220; global_colors_info=&#8220;{}&#8220;]<\/p>\n<p>NdP &#8211; 14-11-25 &#8211; \u2018Crisis de Identidad Vegetal\u2019: el br\u00f3coli y la alcachofa europeos se convierten en estrellas de cine por un d\u00eda en la \u2018premi\u00e8re\u2019 de la temporada<\/p>\n<p>[\/et_pb_text][et_pb_text _builder_version=&#8220;4.27.4&#8243; _module_preset=&#8220;default&#8220; text_font_size=&#8220;16px&#8220; width=&#8220;75%&#8220; module_alignment=&#8220;center&#8220; link_option_url=&#8220;https:\/\/estoesunaeuropamassaludable.eu\/wp-content\/uploads\/2025\/10\/03_NdP-Brocoli-Octubre.pdf&#8220; global_colors_info=&#8220;{}&#8220;]NdP &#8211; 29-10-2025 &#8211; Br\u00f3coli: radiograf\u00eda de la hortaliza europea con mayor valor nutricional (que adem\u00e1s est\u00e1 de temporada)[\/et_pb_text][et_pb_text _builder_version=&#8220;4.27.4&#8243; _module_preset=&#8220;default&#8220; text_font_size=&#8220;16px&#8220; width=&#8220;75%&#8220; module_alignment=&#8220;center&#8220; link_option_url=&#8220;https:\/\/estoesunaeuropamassaludable.eu\/wp-content\/uploads\/2026\/01\/05_NdP-BROCOLI-Alcachofa-de-Espana-Crisis-de-Identidad-Vegetal-Puesto-92-Fruit-Attraction.pdf&#8220; global_colors_info=&#8220;{}&#8220;]<\/p>\n<p>NdP &#8211; 02-10-25 &#8211; Showcookings en Fruit Attraction y degustaciones en mercados: el br\u00f3coli y la alcachofa europeos son los protagonistas gastron\u00f3micos del oto\u00f1o en Madrid<\/p>\n<p>[\/et_pb_text][et_pb_text _builder_version=&#8220;4.27.4&#8243; _module_preset=&#8220;default&#8220; text_font_size=&#8220;16px&#8220; width=&#8220;75%&#8220; module_alignment=&#8220;center&#8220; link_option_url=&#8220;https:\/\/estoesunaeuropamassaludable.eu\/wp-content\/uploads\/2025\/10\/02_Communique-de-Presse-Une-Europe-Une-Europe-en-Meilleure-Sante-1-FR.pdf&#8220; global_colors_info=&#8220;{}&#8220;]NdP &#8211; 22-07-2025 &#8211; Charlotte, rondes&#8230; d\u00e9couvrez les aspects les plus m\u00e9connus de la fraise europ\u00e9enne , le meilleur cocktail de vitamines et d\u2019antioxydants de l\u2019\u00e9t\u00e9[\/et_pb_text][et_pb_text _builder_version=&#8220;4.27.4&#8243; _module_preset=&#8220;default&#8220; text_font_size=&#8220;16px&#8220; width=&#8220;75%&#8220; module_alignment=&#8220;center&#8220; link_option_url=&#8220;https:\/\/estoesunaeuropamassaludable.eu\/wp-content\/uploads\/2025\/05\/NdP-BROCOLI-Alcachofa-de-Espana-y-Fraises-de-France-Europa-mas-Saludable.pdf&#8220; global_colors_info=&#8220;{}&#8220;]<\/p>\n<p>NdP &#8211; 09-05-2025 &#8211; \u2018Una Europa m\u00e1s Saludable\u2019, el proyecto con el que +BR\u00d3COLI, Alcachofa de Espa\u00f1a y Fraises de France reivindican la fruta y verdura de proximidad en el coraz\u00f3n de las capitales europeas<\/p>\n<p>[\/et_pb_text][\/et_pb_column][\/et_pb_row][\/et_pb_section][et_pb_section fb_built=&#8220;1&#8243; _builder_version=&#8220;4.27.4&#8243; _module_preset=&#8220;default&#8220; background_color=&#8220;#f1f1f1&#8243; custom_margin=&#8220;-30px||||false|false&#8220; custom_padding=&#8220;0px||||false|false&#8220; global_colors_info=&#8220;{}&#8220;][et_pb_row _builder_version=&#8220;4.27.4&#8243; _module_preset=&#8220;default&#8220; global_colors_info=&#8220;{}&#8220;][et_pb_column type=&#8220;4_4&#8243; _builder_version=&#8220;4.27.4&#8243; _module_preset=&#8220;default&#8220; global_colors_info=&#8220;{}&#8220;][et_pb_text _builder_version=&#8220;4.27.4&#8243; _module_preset=&#8220;default&#8220; header_2_font=&#8220;Gotham Black||||||||&#8220; header_2_text_color=&#8220;#38732f&#8220; width=&#8220;75%&#8220; width_tablet=&#8220;75%&#8220; width_phone=&#8220;100%&#8220; width_last_edited=&#8220;on|phone&#8220; module_alignment=&#8220;center&#8220; global_colors_info=&#8220;{}&#8220;]<\/p>\n<h2><strong>Video-Mitteilung \u2013 Pr\u00e4sentationsveranstaltung<\/strong><\/h2>\n<p>[\/et_pb_text][et_pb_text _builder_version=&#8220;4.27.4&#8243; _module_preset=&#8220;default&#8220; width=&#8220;75%&#8220; module_alignment=&#8220;center&#8220; global_colors_info=&#8220;{}&#8220;]<a rel=\"nofollow noreferrer\" href=\"https:\/\/youtu.be\/1JJrZYn8i3M\" class=\"vp-a vp-yt-type vp-modal-click vp-modal-click_shortcode vp-has-img\"><img decoding=\"async\" class=\"vp-img\" src=\"https:\/\/estoesunaeuropamassaludable.eu\/wp-content\/uploads\/2025\/05\/video_comunicado_campana.jpg\"><\/a>[\/et_pb_text][\/et_pb_column][\/et_pb_row][\/et_pb_section]<\/p>\n","protected":false},"excerpt":{"rendered":"<p>Ein ges\u00fcnderes Europa f\u00fcr alle Dies ist eine Herausforderung auf europ\u00e4ischem Niveau.PressedossierDas Pressedossier zur Kampagne steht jetzt zum Download bereit.PressemitteilungenNdP &#8211; 19-02-26 &#8211; C\u2019est bient\u00f4t la saison de la fraise en Europe : six conseils de producteurs pour profiter pleinement de ce fruit de saison si bon pour la sant\u00e9NdP &#8211; 25-11-25 &#8211; \u00bfSabes lo [&hellip;]<\/p>\n","protected":false},"author":1,"featured_media":0,"parent":0,"menu_order":0,"comment_status":"closed","ping_status":"closed","template":"","meta":{"_et_pb_use_builder":"on","_et_pb_old_content":"","_et_gb_content_width":"","footnotes":""},"class_list":["post-905","page","type-page","status-publish","hentry"],"_links":{"self":[{"href":"https:\/\/estoesunaeuropamassaludable.eu\/de\/wp-json\/wp\/v2\/pages\/905","targetHints":{"allow":["GET"]}}],"collection":[{"href":"https:\/\/estoesunaeuropamassaludable.eu\/de\/wp-json\/wp\/v2\/pages"}],"about":[{"href":"https:\/\/estoesunaeuropamassaludable.eu\/de\/wp-json\/wp\/v2\/types\/page"}],"author":[{"embeddable":true,"href":"https:\/\/estoesunaeuropamassaludable.eu\/de\/wp-json\/wp\/v2\/users\/1"}],"replies":[{"embeddable":true,"href":"https:\/\/estoesunaeuropamassaludable.eu\/de\/wp-json\/wp\/v2\/comments?post=905"}],"version-history":[{"count":8,"href":"https:\/\/estoesunaeuropamassaludable.eu\/de\/wp-json\/wp\/v2\/pages\/905\/revisions"}],"predecessor-version":[{"id":1723,"href":"https:\/\/estoesunaeuropamassaludable.eu\/de\/wp-json\/wp\/v2\/pages\/905\/revisions\/1723"}],"wp:attachment":[{"href":"https:\/\/estoesunaeuropamassaludable.eu\/de\/wp-json\/wp\/v2\/media?parent=905"}],"curies":[{"name":"wp","href":"https:\/\/api.w.org\/{rel}","templated":true}]}}