{"id":726,"date":"2025-05-07T15:47:56","date_gmt":"2025-05-07T15:47:56","guid":{"rendered":"https:\/\/estoesunaeuropamassaludable.eu\/presse\/"},"modified":"2026-02-26T17:57:04","modified_gmt":"2026-02-26T17:57:04","slug":"presse","status":"publish","type":"page","link":"https:\/\/estoesunaeuropamassaludable.eu\/fr\/presse\/","title":{"rendered":"Presse"},"content":{"rendered":"<p>[et_pb_section fb_built=\u00a0\u00bb1&Prime; admin_label=\u00a0\u00bbAbout\u00a0\u00bb _builder_version=\u00a0\u00bb4.27.4&Prime; _module_preset=\u00a0\u00bbdefault\u00a0\u00bb background_color=\u00a0\u00bb#f1f1f1&Prime; custom_margin=\u00a0\u00bb-5px||||false|false\u00a0\u00bb custom_padding=\u00a0\u00bb||1px|||\u00a0\u00bb collapsed=\u00a0\u00bbon\u00a0\u00bb global_colors_info=\u00a0\u00bb{}\u00a0\u00bb][et_pb_row column_structure=\u00a0\u00bb1_2,1_2&Prime; _builder_version=\u00a0\u00bb4.17.4&Prime; _module_preset=\u00a0\u00bbdefault\u00a0\u00bb global_colors_info=\u00a0\u00bb{}\u00a0\u00bb][et_pb_column type=\u00a0\u00bb1_2&Prime; _builder_version=\u00a0\u00bb4.17.4&Prime; _module_preset=\u00a0\u00bbdefault\u00a0\u00bb global_colors_info=\u00a0\u00bb{}\u00a0\u00bb][et_pb_image src=\u00a0\u00bbhttps:\/\/estoesunaeuropamassaludable.eu\/wp-content\/uploads\/2025\/05\/prensa.jpg\u00a0\u00bb title_text=\u00a0\u00bbprensa\u00a0\u00bb align=\u00a0\u00bbright\u00a0\u00bb _builder_version=\u00a0\u00bb4.27.4&Prime; _module_preset=\u00a0\u00bbdefault\u00a0\u00bb width=\u00a0\u00bb80%\u00a0\u00bb global_colors_info=\u00a0\u00bb{}\u00a0\u00bb][\/et_pb_image][et_pb_image src=\u00a0\u00bbhttps:\/\/estoesunaeuropamassaludable.eu\/wp-content\/uploads\/2025\/05\/prensa_02.jpg\u00a0\u00bb title_text=\u00a0\u00bbprensa_02&Prime; _builder_version=\u00a0\u00bb4.27.4&Prime; _module_preset=\u00a0\u00bbdefault\u00a0\u00bb width=\u00a0\u00bb40%\u00a0\u00bb custom_margin=\u00a0\u00bb-30%||||false|false\u00a0\u00bb box_shadow_style=\u00a0\u00bbpreset3&Prime; box_shadow_vertical=\u00a0\u00bb56px\u00a0\u00bb box_shadow_blur=\u00a0\u00bb60px\u00a0\u00bb box_shadow_spread=\u00a0\u00bb-20px\u00a0\u00bb global_colors_info=\u00a0\u00bb{}\u00a0\u00bb][\/et_pb_image][\/et_pb_column][et_pb_column type=\u00a0\u00bb1_2&Prime; _builder_version=\u00a0\u00bb4.17.4&Prime; _module_preset=\u00a0\u00bbdefault\u00a0\u00bb custom_padding=\u00a0\u00bb5%||||false|false\u00a0\u00bb global_colors_info=\u00a0\u00bb{}\u00a0\u00bb][et_pb_text _builder_version=\u00a0\u00bb4.27.4&Prime; _module_preset=\u00a0\u00bbdefault\u00a0\u00bb header_2_font=\u00a0\u00bbGotham Black|900|||||||\u00a0\u00bb header_2_text_color=\u00a0\u00bb#38732f\u00a0\u00bb header_2_font_size=\u00a0\u00bb70px\u00a0\u00bb header_4_font=\u00a0\u00bbGotham Black|900|||||||\u00a0\u00bb header_4_text_color=\u00a0\u00bb#38732f\u00a0\u00bb header_4_font_size=\u00a0\u00bb45px\u00a0\u00bb header_4_line_height=\u00a0\u00bb0.3em\u00a0\u00bb header_5_font=\u00a0\u00bbGotham Black|700|||||||\u00a0\u00bb header_5_font_size=\u00a0\u00bb20px\u00a0\u00bb header_5_line_height=\u00a0\u00bb1.6em\u00a0\u00bb background_enable_color=\u00a0\u00bboff\u00a0\u00bb header_2_font_size_tablet=\u00a0\u00bb55px\u00a0\u00bb header_2_font_size_phone=\u00a0\u00bb45px\u00a0\u00bb header_2_font_size_last_edited=\u00a0\u00bbon|tablet\u00a0\u00bb header_4_font_size_tablet=\u00a0\u00bb25px\u00a0\u00bb header_4_font_size_phone=\u00a0\u00bb18px\u00a0\u00bb header_4_font_size_last_edited=\u00a0\u00bbon|phone\u00a0\u00bb locked=\u00a0\u00bboff\u00a0\u00bb global_colors_info=\u00a0\u00bb{}\u00a0\u00bb]<\/p>\n<h2>Une Europe en meilleure sant\u00e9 sur toutes les l\u00e8vres<\/h2>\n<h5><\/h5>\n<h5><strong>C\u2019est un d\u00e9fi \u00e0 la hauteur de l\u2019Europe<\/strong><\/h5>\n<p>[\/et_pb_text][\/et_pb_column][\/et_pb_row][\/et_pb_section][et_pb_section fb_built=\u00a0\u00bb1&Prime; admin_label=\u00a0\u00bbAbout\u00a0\u00bb _builder_version=\u00a0\u00bb4.27.4&Prime; _module_preset=\u00a0\u00bbdefault\u00a0\u00bb background_color=\u00a0\u00bb#f1f1f1&Prime; custom_padding=\u00a0\u00bb3px|||||\u00a0\u00bb collapsed=\u00a0\u00bbon\u00a0\u00bb global_colors_info=\u00a0\u00bb{}\u00a0\u00bb][et_pb_row column_structure=\u00a0\u00bb1_2,1_2&Prime; _builder_version=\u00a0\u00bb4.27.4&Prime; _module_preset=\u00a0\u00bbdefault\u00a0\u00bb global_colors_info=\u00a0\u00bb{}\u00a0\u00bb][et_pb_column type=\u00a0\u00bb1_2&Prime; _builder_version=\u00a0\u00bb4.27.4&Prime; _module_preset=\u00a0\u00bbdefault\u00a0\u00bb global_colors_info=\u00a0\u00bb{}\u00a0\u00bb][et_pb_image src=\u00a0\u00bbhttps:\/\/estoesunaeuropamassaludable.eu\/wp-content\/uploads\/2025\/06\/button_dossier_fr-2.png\u00a0\u00bb title_text=\u00a0\u00bbbutton_dossier_fr 2&Prime; url=\u00a0\u00bbhttps:\/\/estoesunaeuropamassaludable.eu\/wp-content\/uploads\/2025\/06\/dossier-prensa-fr.pdf\u00a0\u00bb _builder_version=\u00a0\u00bb4.27.4&Prime; _module_preset=\u00a0\u00bbdefault\u00a0\u00bb width=\u00a0\u00bb80%\u00a0\u00bb module_alignment=\u00a0\u00bbcenter\u00a0\u00bb global_colors_info=\u00a0\u00bb{}\u00a0\u00bb][\/et_pb_image][\/et_pb_column][et_pb_column type=\u00a0\u00bb1_2&Prime; _builder_version=\u00a0\u00bb4.27.4&Prime; _module_preset=\u00a0\u00bbdefault\u00a0\u00bb global_colors_info=\u00a0\u00bb{}\u00a0\u00bb][et_pb_text _builder_version=\u00a0\u00bb4.27.4&Prime; _module_preset=\u00a0\u00bbdefault\u00a0\u00bb header_2_font=\u00a0\u00bbGotham Black||||||||\u00a0\u00bb header_2_text_color=\u00a0\u00bb#38732f\u00a0\u00bb custom_margin=\u00a0\u00bb28px||0px||false|false\u00a0\u00bb custom_margin_tablet=\u00a0\u00bb28px||0px||false|false\u00a0\u00bb custom_margin_phone=\u00a0\u00bb-2px||0px||false|false\u00a0\u00bb custom_margin_last_edited=\u00a0\u00bbon|phone\u00a0\u00bb global_colors_info=\u00a0\u00bb{}\u00a0\u00bb]<\/p>\n<h2><strong>Dossier de Presse<\/strong><\/h2>\n<p>[\/et_pb_text][et_pb_text _builder_version=\u00a0\u00bb4.27.4&Prime; _module_preset=\u00a0\u00bbdefault\u00a0\u00bb text_font=\u00a0\u00bb&#8211;et_global_body_font||||||||\u00a0\u00bb text_font_size=\u00a0\u00bb16px\u00a0\u00bb global_colors_info=\u00a0\u00bb{}\u00a0\u00bb]<\/p>\n<p>Vous pouvez d\u00e9j\u00e0 t\u00e9l\u00e9charger le dossier de presse de la campagne&#8230;<\/p>\n<p>[\/et_pb_text][et_pb_button button_url=\u00a0\u00bbhttps:\/\/estoesunaeuropamassaludable.eu\/wp-content\/uploads\/2025\/06\/dossier-prensa-fr.pdf\u00a0\u00bb button_text=\u00a0\u00bbT\u00e9l\u00e9charger\u00a0\u00bb button_alignment=\u00a0\u00bbleft\u00a0\u00bb _builder_version=\u00a0\u00bb4.27.4&Prime; _module_preset=\u00a0\u00bbdefault\u00a0\u00bb custom_button=\u00a0\u00bbon\u00a0\u00bb button_text_color=\u00a0\u00bb#FFFFFF\u00a0\u00bb button_bg_color=\u00a0\u00bb#38732f\u00a0\u00bb button_border_color=\u00a0\u00bbRGBA(255,255,255,0)\u00a0\u00bb button_border_radius=\u00a0\u00bb8px\u00a0\u00bb button_font=\u00a0\u00bbGotham Gold||||||||\u00a0\u00bb button_icon=\u00a0\u00bb&#x45;||divi||400&Prime; button_icon_color=\u00a0\u00bb#FFFFFF\u00a0\u00bb custom_margin=\u00a0\u00bb25px||||false|false\u00a0\u00bb global_colors_info=\u00a0\u00bb{}\u00a0\u00bb][\/et_pb_button][\/et_pb_column][\/et_pb_row][et_pb_row _builder_version=\u00a0\u00bb4.27.4&Prime; _module_preset=\u00a0\u00bbdefault\u00a0\u00bb global_colors_info=\u00a0\u00bb{}\u00a0\u00bb][et_pb_column type=\u00a0\u00bb4_4&Prime; _builder_version=\u00a0\u00bb4.27.4&Prime; _module_preset=\u00a0\u00bbdefault\u00a0\u00bb global_colors_info=\u00a0\u00bb{}\u00a0\u00bb][et_pb_text _builder_version=\u00a0\u00bb4.27.4&Prime; _module_preset=\u00a0\u00bbdefault\u00a0\u00bb header_2_font=\u00a0\u00bbGotham Black||||||||\u00a0\u00bb header_2_text_color=\u00a0\u00bb#38732f\u00a0\u00bb width=\u00a0\u00bb75%\u00a0\u00bb width_tablet=\u00a0\u00bb75%\u00a0\u00bb width_phone=\u00a0\u00bb100%\u00a0\u00bb width_last_edited=\u00a0\u00bbon|phone\u00a0\u00bb module_alignment=\u00a0\u00bbcenter\u00a0\u00bb global_colors_info=\u00a0\u00bb{}\u00a0\u00bb]<\/p>\n<h2>Communiqu\u00e9s de presse<\/h2>\n<p>[\/et_pb_text][\/et_pb_column][\/et_pb_row][et_pb_row _builder_version=\u00a0\u00bb4.27.4&Prime; _module_preset=\u00a0\u00bbdefault\u00a0\u00bb global_colors_info=\u00a0\u00bb{}\u00a0\u00bb][et_pb_column type=\u00a0\u00bb4_4&Prime; _builder_version=\u00a0\u00bb4.27.4&Prime; _module_preset=\u00a0\u00bbdefault\u00a0\u00bb global_colors_info=\u00a0\u00bb{}\u00a0\u00bb][et_pb_text _builder_version=\u00a0\u00bb4.27.5&Prime; _module_preset=\u00a0\u00bbdefault\u00a0\u00bb text_font_size=\u00a0\u00bb16px\u00a0\u00bb width=\u00a0\u00bb75%\u00a0\u00bb module_alignment=\u00a0\u00bbcenter\u00a0\u00bb link_option_url=\u00a0\u00bbhttps:\/\/estoesunaeuropamassaludable.eu\/wp-content\/uploads\/2026\/02\/08_Communique-de-Presse-Une-Europe-en-Meilleure-Sante-2-FR.pdf\u00a0\u00bb hover_enabled=\u00a0\u00bb0&Prime; global_colors_info=\u00a0\u00bb{}\u00a0\u00bb sticky_enabled=\u00a0\u00bb0&Prime;]<\/p>\n<p>NdP &#8211; 19-02-26 &#8211; C\u2019est bient\u00f4t la saison de la fraise en Europe : six conseils de producteurs pour profiter pleinement de ce fruit de saison si bon pour la sant\u00e9<\/p>\n<p>[\/et_pb_text][et_pb_text _builder_version=\u00a0\u00bb4.27.4&Prime; _module_preset=\u00a0\u00bbdefault\u00a0\u00bb text_font_size=\u00a0\u00bb16px\u00a0\u00bb width=\u00a0\u00bb75%\u00a0\u00bb module_alignment=\u00a0\u00bbcenter\u00a0\u00bb link_option_url=\u00a0\u00bbhttps:\/\/estoesunaeuropamassaludable.eu\/wp-content\/uploads\/2026\/01\/07_NdP-Brocoli-y-alcachofa-para-un-enero-verde.pdf\u00a0\u00bb global_colors_info=\u00a0\u00bb{}\u00a0\u00bb]<\/p>\n<p>NdP &#8211; 12-01-26 &#8211; Br\u00f3coli y alcachofa europeos: las ideas sabrosas y vers\u00e1tiles para empezar el a\u00f1o comiendo sano y verde<\/p>\n<p>[\/et_pb_text][et_pb_text _builder_version=\u00a0\u00bb4.27.4&Prime; _module_preset=\u00a0\u00bbdefault\u00a0\u00bb text_font_size=\u00a0\u00bb16px\u00a0\u00bb width=\u00a0\u00bb75%\u00a0\u00bb module_alignment=\u00a0\u00bbcenter\u00a0\u00bb link_option_url=\u00a0\u00bbhttps:\/\/estoesunaeuropamassaludable.eu\/wp-content\/uploads\/2026\/01\/04_NdP-Alcachofa-europea-arma-secreta-para-un-invierno-healthy-Una-Europa-mas-Saludable.pdf\u00a0\u00bb global_colors_info=\u00a0\u00bb{}\u00a0\u00bb]<\/p>\n<p>NdP &#8211; 25-11-25 &#8211; \u00bfSabes lo que es la cinarina? El arma secreta de la alcachofa europea para un invierno \u2018healthy\u2019<\/p>\n<p>[\/et_pb_text][et_pb_text _builder_version=\u00a0\u00bb4.27.4&Prime; _module_preset=\u00a0\u00bbdefault\u00a0\u00bb text_font_size=\u00a0\u00bb16px\u00a0\u00bb width=\u00a0\u00bb75%\u00a0\u00bb module_alignment=\u00a0\u00bbcenter\u00a0\u00bb link_option_url=\u00a0\u00bbhttps:\/\/estoesunaeuropamassaludable.eu\/wp-content\/uploads\/2026\/01\/06_Nota-de-Prensa-Brocoli-y-alcachofa-europeos-estrellas-de-cine.pdf\u00a0\u00bb global_colors_info=\u00a0\u00bb{}\u00a0\u00bb]<\/p>\n<p>NdP &#8211; 14-11-25 &#8211; \u2018Crisis de Identidad Vegetal\u2019: el br\u00f3coli y la alcachofa europeos se convierten en estrellas de cine por un d\u00eda en la \u2018premi\u00e8re\u2019 de la temporada<\/p>\n<p>[\/et_pb_text][et_pb_text _builder_version=\u00a0\u00bb4.27.4&Prime; _module_preset=\u00a0\u00bbdefault\u00a0\u00bb text_font_size=\u00a0\u00bb16px\u00a0\u00bb width=\u00a0\u00bb75%\u00a0\u00bb module_alignment=\u00a0\u00bbcenter\u00a0\u00bb link_option_url=\u00a0\u00bbhttps:\/\/estoesunaeuropamassaludable.eu\/wp-content\/uploads\/2025\/10\/03_NdP-Brocoli-Octubre.pdf\u00a0\u00bb global_colors_info=\u00a0\u00bb{}\u00a0\u00bb]NdP &#8211; 29-10-2025 &#8211; Br\u00f3coli: radiograf\u00eda de la hortaliza europea con mayor valor nutricional (que adem\u00e1s est\u00e1 de temporada)[\/et_pb_text][et_pb_text _builder_version=\u00a0\u00bb4.27.4&Prime; _module_preset=\u00a0\u00bbdefault\u00a0\u00bb text_font_size=\u00a0\u00bb16px\u00a0\u00bb width=\u00a0\u00bb75%\u00a0\u00bb module_alignment=\u00a0\u00bbcenter\u00a0\u00bb link_option_url=\u00a0\u00bbhttps:\/\/estoesunaeuropamassaludable.eu\/wp-content\/uploads\/2026\/01\/05_NdP-BROCOLI-Alcachofa-de-Espana-Crisis-de-Identidad-Vegetal-Puesto-92-Fruit-Attraction.pdf\u00a0\u00bb global_colors_info=\u00a0\u00bb{}\u00a0\u00bb]<\/p>\n<p>NdP &#8211; 02-10-25 &#8211; Showcookings en Fruit Attraction y degustaciones en mercados: el br\u00f3coli y la alcachofa europeos son los protagonistas gastron\u00f3micos del oto\u00f1o en Madrid<\/p>\n<p>[\/et_pb_text][et_pb_text _builder_version=\u00a0\u00bb4.27.4&Prime; _module_preset=\u00a0\u00bbdefault\u00a0\u00bb text_font_size=\u00a0\u00bb16px\u00a0\u00bb width=\u00a0\u00bb75%\u00a0\u00bb module_alignment=\u00a0\u00bbcenter\u00a0\u00bb link_option_url=\u00a0\u00bbhttps:\/\/estoesunaeuropamassaludable.eu\/wp-content\/uploads\/2025\/10\/02_Communique-de-Presse-Une-Europe-Une-Europe-en-Meilleure-Sante-1-FR.pdf\u00a0\u00bb global_colors_info=\u00a0\u00bb{}\u00a0\u00bb]NdP &#8211; 22-07-2025 &#8211; Charlotte, rondes&#8230; d\u00e9couvrez les aspects les plus m\u00e9connus de la fraise europ\u00e9enne , le meilleur cocktail de vitamines et d\u2019antioxydants de l\u2019\u00e9t\u00e9[\/et_pb_text][et_pb_text _builder_version=\u00a0\u00bb4.27.4&Prime; _module_preset=\u00a0\u00bbdefault\u00a0\u00bb text_font_size=\u00a0\u00bb16px\u00a0\u00bb width=\u00a0\u00bb75%\u00a0\u00bb module_alignment=\u00a0\u00bbcenter\u00a0\u00bb link_option_url=\u00a0\u00bbhttps:\/\/estoesunaeuropamassaludable.eu\/wp-content\/uploads\/2025\/05\/NdP-BROCOLI-Alcachofa-de-Espana-y-Fraises-de-France-Europa-mas-Saludable.pdf\u00a0\u00bb global_colors_info=\u00a0\u00bb{}\u00a0\u00bb]<\/p>\n<p>NdP &#8211; 09-05-2025 &#8211; \u2018Una Europa m\u00e1s Saludable\u2019, el proyecto con el que +BR\u00d3COLI, Alcachofa de Espa\u00f1a y Fraises de France reivindican la fruta y verdura de proximidad en el coraz\u00f3n de las capitales europeas<\/p>\n<p>[\/et_pb_text][\/et_pb_column][\/et_pb_row][\/et_pb_section][et_pb_section fb_built=\u00a0\u00bb1&Prime; _builder_version=\u00a0\u00bb4.27.4&Prime; _module_preset=\u00a0\u00bbdefault\u00a0\u00bb background_color=\u00a0\u00bb#f1f1f1&Prime; custom_margin=\u00a0\u00bb-30px||||false|false\u00a0\u00bb custom_padding=\u00a0\u00bb0px||||false|false\u00a0\u00bb global_colors_info=\u00a0\u00bb{}\u00a0\u00bb][et_pb_row _builder_version=\u00a0\u00bb4.27.4&Prime; _module_preset=\u00a0\u00bbdefault\u00a0\u00bb global_colors_info=\u00a0\u00bb{}\u00a0\u00bb][et_pb_column type=\u00a0\u00bb4_4&Prime; _builder_version=\u00a0\u00bb4.27.4&Prime; _module_preset=\u00a0\u00bbdefault\u00a0\u00bb global_colors_info=\u00a0\u00bb{}\u00a0\u00bb][et_pb_text _builder_version=\u00a0\u00bb4.27.4&Prime; _module_preset=\u00a0\u00bbdefault\u00a0\u00bb header_2_font=\u00a0\u00bbGotham Black||||||||\u00a0\u00bb header_2_text_color=\u00a0\u00bb#38732f\u00a0\u00bb width=\u00a0\u00bb75%\u00a0\u00bb width_tablet=\u00a0\u00bb75%\u00a0\u00bb width_phone=\u00a0\u00bb100%\u00a0\u00bb width_last_edited=\u00a0\u00bbon|phone\u00a0\u00bb module_alignment=\u00a0\u00bbcenter\u00a0\u00bb global_colors_info=\u00a0\u00bb{}\u00a0\u00bb]<\/p>\n<h2><strong>Communiqu\u00e9 vid\u00e9o \u2013 Acte de pr\u00e9sentation<\/strong><\/h2>\n<p>[\/et_pb_text][et_pb_text _builder_version=\u00a0\u00bb4.27.4&Prime; _module_preset=\u00a0\u00bbdefault\u00a0\u00bb width=\u00a0\u00bb75%\u00a0\u00bb module_alignment=\u00a0\u00bbcenter\u00a0\u00bb global_colors_info=\u00a0\u00bb{}\u00a0\u00bb]<a rel=\"nofollow noreferrer\" href=\"https:\/\/youtu.be\/1JJrZYn8i3M\" class=\"vp-a vp-yt-type vp-modal-click vp-modal-click_shortcode vp-has-img\"><img decoding=\"async\" class=\"vp-img\" src=\"https:\/\/estoesunaeuropamassaludable.eu\/wp-content\/uploads\/2025\/05\/video_comunicado_campana.jpg\"><\/a>[\/et_pb_text][\/et_pb_column][\/et_pb_row][\/et_pb_section]<\/p>\n","protected":false},"excerpt":{"rendered":"<p>Une Europe en meilleure sant\u00e9 sur toutes les l\u00e8vres C\u2019est un d\u00e9fi \u00e0 la hauteur de l\u2019EuropeDossier de PresseVous pouvez d\u00e9j\u00e0 t\u00e9l\u00e9charger le dossier de presse de la campagne&#8230;Communiqu\u00e9s de presseNdP &#8211; 19-02-26 &#8211; C\u2019est bient\u00f4t la saison de la fraise en Europe : six conseils de producteurs pour profiter pleinement de ce fruit de [&hellip;]<\/p>\n","protected":false},"author":1,"featured_media":0,"parent":0,"menu_order":0,"comment_status":"closed","ping_status":"closed","template":"","meta":{"_et_pb_use_builder":"on","_et_pb_old_content":"","_et_gb_content_width":"","footnotes":""},"class_list":["post-726","page","type-page","status-publish","hentry"],"_links":{"self":[{"href":"https:\/\/estoesunaeuropamassaludable.eu\/fr\/wp-json\/wp\/v2\/pages\/726","targetHints":{"allow":["GET"]}}],"collection":[{"href":"https:\/\/estoesunaeuropamassaludable.eu\/fr\/wp-json\/wp\/v2\/pages"}],"about":[{"href":"https:\/\/estoesunaeuropamassaludable.eu\/fr\/wp-json\/wp\/v2\/types\/page"}],"author":[{"embeddable":true,"href":"https:\/\/estoesunaeuropamassaludable.eu\/fr\/wp-json\/wp\/v2\/users\/1"}],"replies":[{"embeddable":true,"href":"https:\/\/estoesunaeuropamassaludable.eu\/fr\/wp-json\/wp\/v2\/comments?post=726"}],"version-history":[{"count":9,"href":"https:\/\/estoesunaeuropamassaludable.eu\/fr\/wp-json\/wp\/v2\/pages\/726\/revisions"}],"predecessor-version":[{"id":1720,"href":"https:\/\/estoesunaeuropamassaludable.eu\/fr\/wp-json\/wp\/v2\/pages\/726\/revisions\/1720"}],"wp:attachment":[{"href":"https:\/\/estoesunaeuropamassaludable.eu\/fr\/wp-json\/wp\/v2\/media?parent=726"}],"curies":[{"name":"wp","href":"https:\/\/api.w.org\/{rel}","templated":true}]}}